{"id":114529,"date":"2025-06-09T13:36:54","date_gmt":"2025-06-09T11:36:54","guid":{"rendered":"https:\/\/gemarballoons.com\/?page_id=114529"},"modified":"2025-07-09T15:56:33","modified_gmt":"2025-07-09T13:56:33","slug":"privacy-policy-for-employees","status":"publish","type":"page","link":"https:\/\/gemarballoons.com\/it\/privacy-policy-for-employees\/","title":{"rendered":"Informativa Privacy Per Il Personale Dipendente"},"content":{"rendered":"\n<p>La presente informativa viene resa al personale dipendente della Societ\u00e0, come di seguito definita, in conformit\u00e0 al Regolamento UE 2016\/679 del 27 aprile 2016 (di seguito \u201c<strong>GDPR<\/strong>\u201d) relativo alla protezione delle persone fisiche. con riguardo al trattamento dei dati personali, nonch\u00e9 alla libera circolazione di tali dati.<\/p>\n\n\n\n<p>Nello specifico, GEMAR S.r.l. con sede in Casalvieri (FR), Via Colle Marracone (di seguito la \u201c<strong>Societ\u00e0<\/strong>\u201d), in qualit\u00e0 di <strong>Titolare<\/strong> del trattamento, in attuazione degli obblighi derivanti dal GDPR, \u00e8 tenuta a fornirLe alcune informazioni riguardanti le modalit\u00e0 e le finalit\u00e0 del trattamento dei dati personali, anche sensibili, che La riguardano, dei quali il Titolare potr\u00e0 entrare in possesso, in sede di instaurazione e\/o esecuzione del rapporto di lavoro subordinato di cui Lei \u00e8 parte.<\/p>\n\n\n\n<h2 class=\"wp-block-heading\" id=\"fontedeidatiebasegiuridicadeltrattamento\">Fonte dei dati e base giuridica del trattamento<\/h2>\n\n\n\n<p>I dati personali, anche sensibili, che la Societ\u00e0 potr\u00e0 acquisire, in qualit\u00e0 di Titolare del trattamento, saranno di norma da Lei direttamente forniti, in sede di instaurazione e\/o esecuzione del rapporto di lavoro subordinato di cui Lei \u00e8 parte.<\/p>\n\n\n\n<p>Il trattamento dei Suoi dati personali \u00e8 necessario per assolvere gli obblighi di legge e si fonda sul contratto da Lei sottoscritto con la Societ\u00e0.<\/p>\n\n\n\n<h2 class=\"wp-block-heading\" id=\"finalit%C3%A0deltrattamento\">Finalit\u00e0 del trattamento<\/h2>\n\n\n\n<p>I Suoi dati personali saranno trattati dalla Societ\u00e0 secondo le seguenti finalit\u00e0:<\/p>\n\n\n\n<ol class=\"wp-block-list\">\n<li>finalit\u00e0 connesse e\/o strumentali alla gestione del rapporto di lavoro del quale Lei \u00e8 parte, anche in materia di igiene e sicurezza, previdenza ed assistenza, nonch\u00e9 di ogni incombenza ad esso strettamente correlata;<\/li>\n\n\n\n<li>finalit\u00e0 connesse e\/o strumentali all\u2019adempimento di obblighi derivanti da leggi, di natura amministrativa, contabile, civilistica e fiscale, nonch\u00e9 da regolamenti e normativa comunitaria;<\/li>\n\n\n\n<li>finalit\u00e0 connesse e\/o strumentali all\u2019adempimento degli obblighi assicurativi per la copertura dei rischi connessi alla responsabilit\u00e0 del datore di lavoro in materia di igiene e sicurezza del lavoro, malattie professionali e danni cagionati a terzi;<\/li>\n\n\n\n<li>finalit\u00e0 connesse e\/o strumentali alla gestione del contenzioso con il personale dipendente.<\/li>\n<\/ol>\n\n\n\n<p>Il conferimento da parte dell\u2019interessato dei dati necessari al perseguimento delle finalit\u00e0 di cui ai punti a), b), c) e d), che precedono, pur non essendo obbligatorio, \u00e8 essenziale e indispensabile per una corretta ed efficiente gestione del rapporto di lavoro, oltre che per l\u2019adempimento degli obblighi di legge; pertanto, un eventuale rifiuto a fornire tali dati determinerebbe di fatto l\u2019impossibilit\u00e0, per la Societ\u00e0, di dare esecuzione alle predette attivit\u00e0.<br>Qualora la Societ\u00e0 intenda utilizzare i dati personali raccolti per qualsiasi altro scopo incompatibile con le finalit\u00e0 per le quali i dati personali sono stati originariamente raccolti o autorizzati, la Societ\u00e0 informer\u00e0 preventivamente l\u2019interessato.<\/p>\n\n\n\n<p>Pu\u00f2 accadere che, per l\u2019adempimento di specifici obblighi relativi alla gestione del rapporto di lavoro, anche in materia di igiene e sicurezza, previdenza ed assistenza, la Societ\u00e0 tratti i dati \u201csensibili\u201d, e cio\u00e8 quelli \u201c_che rivelino l\u2019origine razziale o etnica, le opinioni politiche, le convinzioni religiose o filosofiche, o l\u2019appartenenza sindacale_\u201d nonch\u00e9 \u201c_dati genetici, dati biometrici intesi a identificare in modo univoco una persona fisica, dati relativi alla salute o alla vita sessuale o all\u2019orientamento sessuale della persona_\u201d sulla base di quanto previsto all\u2019art. 9 del GDPR.<\/p>\n\n\n\n<p>Il trattamento di tali dati verr\u00e0 effettuato solo nei casi strettamente necessari per il conseguimento delle sopra indicate finalit\u00e0 e, in ogni caso, nel rispetto del GDPR. Per il trattamento di tali dati, Le ricordiamo che non \u00e8 richiesto dalla legge il Suo consenso, qualora il trattamento sia necessario per adempiere a specifici obblighi di legge, regolamenti e normative comunitarie.<\/p>\n\n\n\n<h2 class=\"wp-block-heading\" id=\"modalit%C3%A0ditrattamentodeidati\">Modalit\u00e0 di trattamento dei dati<\/h2>\n\n\n\n<p>In relazione alle sopra indicate finalit\u00e0, il trattamento dei dati personali avviene nel completo rispetto del principio di correttezza, liceit\u00e0 e trasparenza, mediante strumenti manuali, informatici e telematici atti a memorizzare, gestire e trasmettere i dati medesimi, unicamente al fine di perseguire le finalit\u00e0 per le quali gli stessi sono stati raccolti e, comunque, in modo tale da garantirne la sicurezza e la riservatezza.<\/p>\n\n\n\n<p>Nello svolgimento delle attivit\u00e0 di trattamento, la Societ\u00e0 si impegna a:<\/p>\n\n\n\n<ol class=\"wp-block-list\">\n<li>assicurare l\u2019esattezza e l\u2019aggiornamento dei dati trattati, e recepire prontamente eventuali rettifiche e\/o integrazioni richieste dal soggetto interessato;<\/li>\n\n\n\n<li>notificare al soggetto interessato, nei tempi e nelle casistiche previste dalla normativa cogente, eventuali violazioni dei dati personali;<\/li>\n\n\n\n<li>garantire la conformit\u00e0 delle operazioni di trattamento alle applicabili disposizioni di legge.<\/li>\n<\/ol>\n\n\n\n<h2 class=\"wp-block-heading\" id=\"categoriedisoggettiaiqualiidatipossonoesserecomunicati\">Categorie di soggetti ai quali i dati possono essere comunicati<\/h2>\n\n\n\n<p>I dati personali forniti non saranno oggetto di diffusione, ovvero non ne verr\u00e0 data conoscenza a soggetti indeterminati, in nessuna possibile forma, inclusa quella della loro messa a disposizione o semplice consultazione. Potranno, invece, essere oggetto di comunicazione a soggetti ben definiti, nel pieno rispetto delle prescrizioni di legge, per finalit\u00e0 strettamente correlate all\u2019esecuzione dei nostri obblighi contrattuali.<\/p>\n\n\n\n<p>In particolare, sulla base dei ruoli e delle mansioni lavorative espletate, i dipendenti ed i collaboratori, anche esterni, nonch\u00e9 il personale, interno ed esterno, che svolge &#8211; per conto della Societ\u00e0 &#8211; compiti tecnici, di supporto (quali servizi legali, servizi informatici, spedizioni) e di controllo aziendale, sono legittimati al trattamento dei dati nei limiti delle loro competenze ed in conformit\u00e0 alle istruzioni ad essi impartite dal Titolare.<\/p>\n\n\n\n<p>Ferme restando le comunicazioni effettuate in esecuzione di obblighi di legge, la Societ\u00e0 potrebbe altres\u00ec, previa Sua manifestazione di consenso, comunicare i Suoi dati personali a soggetti esterni, appartenenti alle diverse categorie sotto elencate:<\/p>\n\n\n\n<ul class=\"wp-block-list\">\n<li>soggetti che svolgono attivit\u00e0 di distribuzione per la Societ\u00e0, nonch\u00e9 soggetti partner della societ\u00e0 stessa;<\/li>\n\n\n\n<li>societ\u00e0 che forniscono servizi di consulenza in materia di Marketing.<\/li>\n<\/ul>\n\n\n\n<p>I soggetti appartenenti alle categorie suddette svolgono la funzione di Responsabile del trattamento dei dati oppure operano in totale autonomia come distinti Titolari del trattamento. Ulteriori informazioni in merito alla comunicazione dei dati ai soggetti sopraindicati, nonch\u00e9 alle modalit\u00e0 di ottenimento di copie dei dati medesimi potranno essere richieste all\u2019indirizzo <a href=\"mailto:privacy@gemar.it\">privacy@gemar.it<\/a>.<\/p>\n\n\n\n<h2 class=\"wp-block-heading\" id=\"politicainmateriadiconservazionedeidatipersonali\">Politica in materia di conservazione dei dati personali<\/h2>\n\n\n\n<p>La Societ\u00e0 conserva nei propri sistemi i dati personali acquisiti in una forma che consenta l\u2019identificazione degli interessati per un arco di tempo non superiore al conseguimento delle finalit\u00e0 per le quali gli stessi sono trattati ovvero per ottemperare a specifici obblighi normativi o contrattuali, ivi inclusi quelli imposti dalle vigenti disposizioni in materia civilistica e fiscale. Resta in ogni caso inteso che i Suoi dati saranno conservati dalla Societ\u00e0 per un periodo non superiore a dieci anni dalla data di cessazione del rapporto di lavoro con la Societ\u00e0.<\/p>\n\n\n\n<h2 class=\"wp-block-heading\" id=\"dirittidell%E2%80%99interessato\">Diritti dell\u2019interessato<\/h2>\n\n\n\n<p>La informiamo che, ai sensi del GDPR e, in particolare, degli artt. 15\u201322 del Regolamento UE 2016\/679, l\u2019interessato potr\u00e0 esercitare specifici diritti, rivolgendosi al Titolare, tra cui:<\/p>\n\n\n\n<ol class=\"wp-block-list\">\n<li>Diritto di accesso: diritto di ottenere dal Titolare la conferma che sia o meno in corso un trattamento di dati personali e in tal caso, di ottenere l\u2019accesso ai dati personali e ad ulteriori informazioni su origine, finalit\u00e0, categoria di dati trattati, destinatari di comunicazione e\/o trasferimento dei dati, etc.<\/li>\n\n\n\n<li>Diritto di rettifica: diritto di ottenere dal Titolare la rettifica dei dati personali inesatti senza ingiustificato ritardo, nonch\u00e9 l\u2019integrazione dei dati personali incompleti, anche fornendo una dichiarazione integrativa.<\/li>\n\n\n\n<li>Diritto alla cancellazione: diritto di ottenere dal Titolare la cancellazione dei dati personali senza ingiustificato ritardo nel caso in cui:\n<ol class=\"wp-block-list\">\n<li>i dati personali non sono pi\u00f9 necessari rispetto alle finalit\u00e0 del trattamento;<\/li>\n\n\n\n<li>il consenso su cui si basa il trattamento \u00e8 revocato e non sussiste altro fondamento giuridico per il trattamento;<\/li>\n\n\n\n<li>i dati personali sono stati trattati illecitamente;<\/li>\n\n\n\n<li>i dati personali devono essere cancellati per adempiere un obbligo legale.<\/li>\n<\/ol>\n<\/li>\n\n\n\n<li>Diritto di opposizione al trattamento: diritto di opporsi in qualsiasi momento al trattamento dei dati personali che hanno come base giuridica un interesse legittimo del Titolare.<\/li>\n\n\n\n<li>Diritto di limitazione di trattamento: diritto di ottenere dal Titolare la limitazione del trattamento, nei casi in cui sia contestata l\u2019esattezza dei dati personali (per il periodo necessario al titolare del trattamento per verificare l\u2019esattezza di tali dati personali), se il trattamento \u00e8 illecito e\/o l\u2019interessato si \u00e8 opposto al trattamento.<\/li>\n\n\n\n<li>Diritto alla portabilit\u00e0 dei dati: diritto di ricevere in un formato strutturato, di uso comune e leggibile da dispositivo automatico i dati personali e di trasmettere tali dati ad altro titolare del trattamento, solo per i casi in cui il trattamento sia basato sul consenso e per i soli dati trattati tramite strumenti elettronici.<\/li>\n\n\n\n<li>Diritto di proporre reclamo a un\u2019autorit\u00e0 di controllo: fatto salvo ogni altro ricorso amministrativo o giurisdizionale, l\u2019interessato che ritenga che il trattamento che lo riguarda violi la Normativa Privacy ha il diritto di proporre reclamo all\u2019autorit\u00e0 di controllo dello Stato membro in cui risiede o lavora abitualmente, ovvero dello Stato in cui si \u00e8 verificata la presunta violazione.<\/li>\n<\/ol>\n\n\n\n<p>Qualora il trattamento dei dati sia basato sul consenso, l\u2019interessato pu\u00f2 revocare in qualsiasi momento il consenso eventualmente prestato, ferma restando la liceit\u00e0 del trattamento eseguito prima della revoca.<\/p>\n\n\n\n<p>Se l\u2019interessato desidera avere maggiori informazioni sul trattamento dei Suoi dati personali, ovvero esercitare i diritti precedentemente indicati, pu\u00f2 inviare una raccomandata A\/R a: GEMAR S.r.l. &#8211; Casalvieri (FR) \u2013 Via Colle Marracone. Ulteriori informazioni potranno essere richieste all\u2019indirizzo <a href=\"mailto:privacy@gemar.it\">privacy@gemar.it<\/a> .<\/p>\n","protected":false},"excerpt":{"rendered":"<p>La presente informativa viene resa al personale dipendente della Societ\u00e0, come di seguito definita, in conformit\u00e0 al Regolamento UE 2016\/679 del 27 aprile 2016 (di seguito \u201cGDPR\u201d) relativo alla protezione delle persone fisiche. con riguardo al trattamento dei dati personali, nonch\u00e9 alla libera circolazione di tali dati. Nello specifico, GEMAR S.r.l. con sede in Casalvieri<\/p>\n","protected":false},"author":1,"featured_media":0,"parent":0,"menu_order":0,"comment_status":"closed","ping_status":"closed","template":"","meta":{"_acf_changed":false,"inline_featured_image":false,"footnotes":""},"class_list":["post-114529","page","type-page","status-publish","hentry"],"acf":{"seo_text":""},"yoast_head":"<!-- This site is optimized with the Yoast SEO plugin v27.5 - https:\/\/yoast.com\/product\/yoast-seo-wordpress\/ -->\n<title>Informativa Privacy Per Il Personale Dipendente - Gemar Balloons<\/title>\n<meta name=\"robots\" content=\"index, follow, max-snippet:-1, max-image-preview:large, max-video-preview:-1\" \/>\n<link rel=\"canonical\" href=\"https:\/\/gemarballoons.com\/it\/privacy-policy-for-employees\/\" \/>\n<meta property=\"og:locale\" content=\"it_IT\" \/>\n<meta property=\"og:type\" content=\"article\" \/>\n<meta property=\"og:title\" content=\"Informativa Privacy Per Il Personale Dipendente - Gemar Balloons\" \/>\n<meta property=\"og:description\" content=\"La presente informativa viene resa al personale dipendente della Societ\u00e0, come di seguito definita, in conformit\u00e0 al Regolamento UE 2016\/679 del 27 aprile 2016 (di seguito \u201cGDPR\u201d) relativo alla protezione delle persone fisiche. con riguardo al trattamento dei dati personali, nonch\u00e9 alla libera circolazione di tali dati. Nello specifico, GEMAR S.r.l. con sede in Casalvieri\" \/>\n<meta property=\"og:url\" content=\"https:\/\/gemarballoons.com\/it\/privacy-policy-for-employees\/\" \/>\n<meta property=\"og:site_name\" content=\"Gemar Balloons\" \/>\n<meta property=\"article:modified_time\" content=\"2025-07-09T13:56:33+00:00\" \/>\n<meta name=\"twitter:card\" content=\"summary_large_image\" \/>\n<meta name=\"twitter:label1\" content=\"Tempo di lettura stimato\" \/>\n\t<meta name=\"twitter:data1\" content=\"7 minuti\" \/>\n<script type=\"application\/ld+json\" class=\"yoast-schema-graph\">{\"@context\":\"https:\\\/\\\/schema.org\",\"@graph\":[{\"@type\":\"WebPage\",\"@id\":\"https:\\\/\\\/gemarballoons.com\\\/it\\\/privacy-policy-for-employees\\\/\",\"url\":\"https:\\\/\\\/gemarballoons.com\\\/it\\\/privacy-policy-for-employees\\\/\",\"name\":\"Informativa Privacy Per Il Personale Dipendente - Gemar Balloons\",\"isPartOf\":{\"@id\":\"https:\\\/\\\/gemarballoons.com\\\/es\\\/#website\"},\"datePublished\":\"2025-06-09T11:36:54+00:00\",\"dateModified\":\"2025-07-09T13:56:33+00:00\",\"breadcrumb\":{\"@id\":\"https:\\\/\\\/gemarballoons.com\\\/it\\\/privacy-policy-for-employees\\\/#breadcrumb\"},\"inLanguage\":\"it-IT\",\"potentialAction\":[{\"@type\":\"ReadAction\",\"target\":[\"https:\\\/\\\/gemarballoons.com\\\/it\\\/privacy-policy-for-employees\\\/\"]}]},{\"@type\":\"BreadcrumbList\",\"@id\":\"https:\\\/\\\/gemarballoons.com\\\/it\\\/privacy-policy-for-employees\\\/#breadcrumb\",\"itemListElement\":[{\"@type\":\"ListItem\",\"position\":1,\"name\":\"Home\",\"item\":\"https:\\\/\\\/gemarballoons.com\\\/it\\\/\"},{\"@type\":\"ListItem\",\"position\":2,\"name\":\"Informativa Privacy Per Il Personale Dipendente\"}]},{\"@type\":\"WebSite\",\"@id\":\"https:\\\/\\\/gemarballoons.com\\\/es\\\/#website\",\"url\":\"https:\\\/\\\/gemarballoons.com\\\/es\\\/\",\"name\":\"Gemar Balloons\",\"description\":\"\",\"potentialAction\":[{\"@type\":\"SearchAction\",\"target\":{\"@type\":\"EntryPoint\",\"urlTemplate\":\"https:\\\/\\\/gemarballoons.com\\\/es\\\/?s={search_term_string}\"},\"query-input\":{\"@type\":\"PropertyValueSpecification\",\"valueRequired\":true,\"valueName\":\"search_term_string\"}}],\"inLanguage\":\"it-IT\"}]}<\/script>\n<!-- \/ Yoast SEO plugin. -->","yoast_head_json":{"title":"Informativa Privacy Per Il Personale Dipendente - Gemar Balloons","robots":{"index":"index","follow":"follow","max-snippet":"max-snippet:-1","max-image-preview":"max-image-preview:large","max-video-preview":"max-video-preview:-1"},"canonical":"https:\/\/gemarballoons.com\/it\/privacy-policy-for-employees\/","og_locale":"it_IT","og_type":"article","og_title":"Informativa Privacy Per Il Personale Dipendente - Gemar Balloons","og_description":"La presente informativa viene resa al personale dipendente della Societ\u00e0, come di seguito definita, in conformit\u00e0 al Regolamento UE 2016\/679 del 27 aprile 2016 (di seguito \u201cGDPR\u201d) relativo alla protezione delle persone fisiche. con riguardo al trattamento dei dati personali, nonch\u00e9 alla libera circolazione di tali dati. Nello specifico, GEMAR S.r.l. con sede in Casalvieri","og_url":"https:\/\/gemarballoons.com\/it\/privacy-policy-for-employees\/","og_site_name":"Gemar Balloons","article_modified_time":"2025-07-09T13:56:33+00:00","twitter_card":"summary_large_image","twitter_misc":{"Tempo di lettura stimato":"7 minuti"},"schema":{"@context":"https:\/\/schema.org","@graph":[{"@type":"WebPage","@id":"https:\/\/gemarballoons.com\/it\/privacy-policy-for-employees\/","url":"https:\/\/gemarballoons.com\/it\/privacy-policy-for-employees\/","name":"Informativa Privacy Per Il Personale Dipendente - Gemar Balloons","isPartOf":{"@id":"https:\/\/gemarballoons.com\/es\/#website"},"datePublished":"2025-06-09T11:36:54+00:00","dateModified":"2025-07-09T13:56:33+00:00","breadcrumb":{"@id":"https:\/\/gemarballoons.com\/it\/privacy-policy-for-employees\/#breadcrumb"},"inLanguage":"it-IT","potentialAction":[{"@type":"ReadAction","target":["https:\/\/gemarballoons.com\/it\/privacy-policy-for-employees\/"]}]},{"@type":"BreadcrumbList","@id":"https:\/\/gemarballoons.com\/it\/privacy-policy-for-employees\/#breadcrumb","itemListElement":[{"@type":"ListItem","position":1,"name":"Home","item":"https:\/\/gemarballoons.com\/it\/"},{"@type":"ListItem","position":2,"name":"Informativa Privacy Per Il Personale Dipendente"}]},{"@type":"WebSite","@id":"https:\/\/gemarballoons.com\/es\/#website","url":"https:\/\/gemarballoons.com\/es\/","name":"Gemar Balloons","description":"","potentialAction":[{"@type":"SearchAction","target":{"@type":"EntryPoint","urlTemplate":"https:\/\/gemarballoons.com\/es\/?s={search_term_string}"},"query-input":{"@type":"PropertyValueSpecification","valueRequired":true,"valueName":"search_term_string"}}],"inLanguage":"it-IT"}]}},"_links":{"self":[{"href":"https:\/\/gemarballoons.com\/it\/wp-json\/wp\/v2\/pages\/114529","targetHints":{"allow":["GET"]}}],"collection":[{"href":"https:\/\/gemarballoons.com\/it\/wp-json\/wp\/v2\/pages"}],"about":[{"href":"https:\/\/gemarballoons.com\/it\/wp-json\/wp\/v2\/types\/page"}],"author":[{"embeddable":true,"href":"https:\/\/gemarballoons.com\/it\/wp-json\/wp\/v2\/users\/1"}],"replies":[{"embeddable":true,"href":"https:\/\/gemarballoons.com\/it\/wp-json\/wp\/v2\/comments?post=114529"}],"version-history":[{"count":1,"href":"https:\/\/gemarballoons.com\/it\/wp-json\/wp\/v2\/pages\/114529\/revisions"}],"predecessor-version":[{"id":114530,"href":"https:\/\/gemarballoons.com\/it\/wp-json\/wp\/v2\/pages\/114529\/revisions\/114530"}],"wp:attachment":[{"href":"https:\/\/gemarballoons.com\/it\/wp-json\/wp\/v2\/media?parent=114529"}],"curies":[{"name":"wp","href":"https:\/\/api.w.org\/{rel}","templated":true}]}}